{"id":5392,"date":"2025-04-15T14:42:25","date_gmt":"2025-04-15T14:42:25","guid":{"rendered":"https:\/\/novacultura.unl.pt\/?post_type=programa&#038;p=5392"},"modified":"2025-04-16T10:01:10","modified_gmt":"2025-04-16T10:01:10","slug":"abril-2025","status":"publish","type":"programa","link":"https:\/\/novacultura.unl.pt\/en\/programa\/abril-2025\/","title":{"rendered":"Abril 2025"},"content":{"rendered":"<p>A prop\u00f3sito das celebra\u00e7\u00f5es do 25 de Abril, o Programa NOVA Cultura acolhe iniciativas organizadas em colabora\u00e7\u00e3o com institui\u00e7\u00f5es parceiras.<\/p>\n<p>&nbsp;<\/p>\n<p><a href=\"https:\/\/novacultura.unl.pt\/programa\/abril-2025\/250415_25-abril_formatos-01\/\" rel=\"attachment wp-att-5402\"><img loading=\"lazy\" decoding=\"async\" class=\"alignnone wp-image-5402 \" src=\"https:\/\/novacultura.unl.pt\/wp-content\/uploads\/2025\/04\/250415_25-abril_formatos-01.png\" alt=\"\" width=\"639\" height=\"799\" srcset=\"https:\/\/novacultura.unl.pt\/wp-content\/uploads\/2025\/04\/250415_25-abril_formatos-01.png 2250w, https:\/\/novacultura.unl.pt\/wp-content\/uploads\/2025\/04\/250415_25-abril_formatos-01-240x300.png 240w, https:\/\/novacultura.unl.pt\/wp-content\/uploads\/2025\/04\/250415_25-abril_formatos-01-819x1024.png 819w, https:\/\/novacultura.unl.pt\/wp-content\/uploads\/2025\/04\/250415_25-abril_formatos-01-768x960.png 768w, https:\/\/novacultura.unl.pt\/wp-content\/uploads\/2025\/04\/250415_25-abril_formatos-01-1229x1536.png 1229w, https:\/\/novacultura.unl.pt\/wp-content\/uploads\/2025\/04\/250415_25-abril_formatos-01-1638x2048.png 1638w, https:\/\/novacultura.unl.pt\/wp-content\/uploads\/2025\/04\/250415_25-abril_formatos-01-1080x1350.png 1080w\" sizes=\"(max-width: 639px) 100vw, 639px\" \/><\/a><\/p>\n<p class=\"c-magenta d-table py-2 changa-one\"><a href=\"https:\/\/novacultura.unl.pt\/agenda\/as-portas-que-abril-abriu\/\"><strong>As portas que Abril abriu\u00a0<\/strong><\/a><\/p>\n<p>24 de Abril | 18h30<\/p>\n<div dir=\"auto\"><span data-olk-copy-source=\"MessageBody\">Concerto tem\u00e1tico, promovido pela Escola Art\u00edstica de M\u00fasica do Conservat\u00f3rio Nacional, que assinala os 51 anos da Revolu\u00e7\u00e3o de 25 de Abril.<\/span><\/div>\n<div dir=\"auto\">Neste espet\u00e1culo, o Coro Geral do Conservat\u00f3rio Nacional une-se \u00e0 Orquestra de Jazz do Conservat\u00f3rio Nacional, numa colabora\u00e7\u00e3o entre os departamentos de<span class=\"x_gmail_default\">\u00a0<\/span>Classes de Conjunto e de Jazz.<\/div>\n<div dir=\"auto\">Atrav\u00e9s de um programa centrado na liberdade e na mem\u00f3ria coletiva, este concerto prop\u00f5e um encontro de linguagens musicais bastante diferentes,<span class=\"x_gmail_default\">\u00a0<\/span>homenageando os valores de Abril e sublinhando a import\u00e2ncia da express\u00e3o art\u00edstica como ve\u00edculo de cidadania e participa\u00e7\u00e3o democr\u00e1tica.<\/div>\n<div dir=\"auto\">\n<p class=\"c-magenta d-table py-2 changa-one\"><a href=\"https:\/\/novacultura.unl.pt\/agenda\/6-violas-homenagem-a-jose-mario-branco\/\"><strong>6 Violas- homenagem a Jos\u00e9 M\u00e1rio Branco<\/strong><\/a><\/p>\n<p>28 de Abril | 18.00<\/p>\n<\/div>\n<p>No sentido de celebrar a m\u00fasica e obra de Jos\u00e9 M\u00e1rio Branco, surge \u201c\u00c1guas<br \/>\nparadas n\u00e3o movem moinhos\u201d, o primeiro disco do sexteto de violas d\u2019arco<br \/>\nin\u00e9dito, 6 VIOLAS. Pensado e levado a cabo pelo aclamado compositor e<br \/>\nvioletista Jos\u00e9 Valente, este projeto estabelece um inesperado v\u00ednculo entre a<br \/>\nm\u00fasica erudita e a can\u00e7\u00e3o de interven\u00e7\u00e3o como forma de homenagem e<br \/>\nenaltecimento ao incontorn\u00e1vel legado do cantautor desaparecido em 2019, um<br \/>\ndos mais importantes da hist\u00f3ria da m\u00fasica em Portugal. Para a viagem por este<br \/>\nimportante repert\u00f3rio, Valente desafiou cinco dos mais brilhantes violetistas da<br \/>\nnova gera\u00e7\u00e3o de m\u00fasicos cl\u00e1ssicos para, em conjunto, inaugurarem um<br \/>\nmomento musical in\u00e9dito.<\/p>\n<p>&nbsp;<\/p>\n","protected":false},"featured_media":5395,"parent":0,"template":"","meta":{"_acf_changed":false,"_et_pb_use_builder":"","_et_pb_old_content":"","_et_gb_content_width":"","_monsterinsights_skip_tracking":false},"programaCat":[],"class_list":["post-5392","programa","type-programa","status-publish","has-post-thumbnail","hentry"],"acf":[],"aioseo_notices":[],"aioseo_head":"\n\t\t<!-- All in One SEO 4.9.8 - aioseo.com -->\n\t<meta name=\"description\" content=\"A prop\u00f3sito das celebra\u00e7\u00f5es do 25 de Abril, o Programa NOVA Cultura acolhe iniciativas organizadas em colabora\u00e7\u00e3o com institui\u00e7\u00f5es parceiras. As portas que Abril abriu 24 de Abril | 18h30 Concerto tem\u00e1tico, promovido pela Escola Art\u00edstica de M\u00fasica do Conservat\u00f3rio Nacional, que assinala os 51 anos da Revolu\u00e7\u00e3o de 25 de Abril. Neste espet\u00e1culo,\" \/>\n\t<meta name=\"robots\" content=\"max-image-preview:large\" \/>\n\t<link rel=\"canonical\" href=\"https:\/\/novacultura.unl.pt\/en\/programa\/abril-2025\/\" \/>\n\t<meta name=\"generator\" content=\"All in One SEO (AIOSEO) 4.9.8\" \/>\n\t\t<meta property=\"og:locale\" content=\"en_US\" \/>\n\t\t<meta property=\"og:site_name\" content=\"Nova Cultura -\" \/>\n\t\t<meta property=\"og:type\" content=\"article\" \/>\n\t\t<meta property=\"og:title\" content=\"Abril 2025 - Nova Cultura\" \/>\n\t\t<meta property=\"og:description\" content=\"A prop\u00f3sito das celebra\u00e7\u00f5es do 25 de Abril, o Programa NOVA Cultura acolhe iniciativas organizadas em colabora\u00e7\u00e3o com institui\u00e7\u00f5es parceiras. As portas que Abril abriu 24 de Abril | 18h30 Concerto tem\u00e1tico, promovido pela Escola Art\u00edstica de M\u00fasica do Conservat\u00f3rio Nacional, que assinala os 51 anos da Revolu\u00e7\u00e3o de 25 de Abril. Neste espet\u00e1culo,\" \/>\n\t\t<meta property=\"og:url\" content=\"https:\/\/novacultura.unl.pt\/en\/programa\/abril-2025\/\" \/>\n\t\t<meta property=\"og:image\" content=\"https:\/\/novacultura.unl.pt\/wp-content\/uploads\/2023\/08\/NOVA_CULTURA_logo.gif\" \/>\n\t\t<meta property=\"og:image:secure_url\" content=\"https:\/\/novacultura.unl.pt\/wp-content\/uploads\/2023\/08\/NOVA_CULTURA_logo.gif\" \/>\n\t\t<meta property=\"og:image:width\" content=\"1002\" \/>\n\t\t<meta property=\"og:image:height\" content=\"251\" \/>\n\t\t<meta property=\"article:published_time\" content=\"2025-04-15T14:42:25+00:00\" \/>\n\t\t<meta property=\"article:modified_time\" content=\"2025-04-16T10:01:10+00:00\" \/>\n\t\t<meta name=\"twitter:card\" content=\"summary_large_image\" \/>\n\t\t<meta name=\"twitter:title\" content=\"Abril 2025 - Nova Cultura\" \/>\n\t\t<meta name=\"twitter:description\" content=\"A prop\u00f3sito das celebra\u00e7\u00f5es do 25 de Abril, o Programa NOVA Cultura acolhe iniciativas organizadas em colabora\u00e7\u00e3o com institui\u00e7\u00f5es parceiras. As portas que Abril abriu 24 de Abril | 18h30 Concerto tem\u00e1tico, promovido pela Escola Art\u00edstica de M\u00fasica do Conservat\u00f3rio Nacional, que assinala os 51 anos da Revolu\u00e7\u00e3o de 25 de Abril. Neste espet\u00e1culo,\" \/>\n\t\t<meta name=\"twitter:image\" content=\"https:\/\/novacultura.unl.pt\/wp-content\/uploads\/2023\/08\/NOVA_CULTURA_logo.gif\" \/>\n\t\t<script type=\"application\/ld+json\" class=\"aioseo-schema\">\n\t\t\t{\"@context\":\"https:\\\/\\\/schema.org\",\"@graph\":[{\"@type\":\"BreadcrumbList\",\"@id\":\"https:\\\/\\\/novacultura.unl.pt\\\/en\\\/programa\\\/abril-2025\\\/#breadcrumblist\",\"itemListElement\":[{\"@type\":\"ListItem\",\"@id\":\"https:\\\/\\\/novacultura.unl.pt\\\/en\\\/#listItem\",\"position\":1,\"name\":\"Home\",\"item\":\"https:\\\/\\\/novacultura.unl.pt\\\/en\\\/\",\"nextItem\":{\"@type\":\"ListItem\",\"@id\":\"https:\\\/\\\/novacultura.unl.pt\\\/en\\\/programa\\\/#listItem\",\"name\":\"Program\"}},{\"@type\":\"ListItem\",\"@id\":\"https:\\\/\\\/novacultura.unl.pt\\\/en\\\/programa\\\/#listItem\",\"position\":2,\"name\":\"Program\",\"item\":\"https:\\\/\\\/novacultura.unl.pt\\\/en\\\/programa\\\/\",\"nextItem\":{\"@type\":\"ListItem\",\"@id\":\"https:\\\/\\\/novacultura.unl.pt\\\/en\\\/programa\\\/abril-2025\\\/#listItem\",\"name\":\"Abril 2025\"},\"previousItem\":{\"@type\":\"ListItem\",\"@id\":\"https:\\\/\\\/novacultura.unl.pt\\\/en\\\/#listItem\",\"name\":\"Home\"}},{\"@type\":\"ListItem\",\"@id\":\"https:\\\/\\\/novacultura.unl.pt\\\/en\\\/programa\\\/abril-2025\\\/#listItem\",\"position\":3,\"name\":\"Abril 2025\",\"previousItem\":{\"@type\":\"ListItem\",\"@id\":\"https:\\\/\\\/novacultura.unl.pt\\\/en\\\/programa\\\/#listItem\",\"name\":\"Program\"}}]},{\"@type\":\"Organization\",\"@id\":\"https:\\\/\\\/novacultura.unl.pt\\\/en\\\/#organization\",\"name\":\"Nova Cultura\",\"url\":\"https:\\\/\\\/novacultura.unl.pt\\\/en\\\/\",\"logo\":{\"@type\":\"ImageObject\",\"url\":\"https:\\\/\\\/novacultura.unl.pt\\\/wp-content\\\/uploads\\\/2023\\\/08\\\/NOVA_CULTURA_logo.gif\",\"@id\":\"https:\\\/\\\/novacultura.unl.pt\\\/en\\\/programa\\\/abril-2025\\\/#organizationLogo\",\"width\":1002,\"height\":251},\"image\":{\"@id\":\"https:\\\/\\\/novacultura.unl.pt\\\/en\\\/programa\\\/abril-2025\\\/#organizationLogo\"}},{\"@type\":\"WebPage\",\"@id\":\"https:\\\/\\\/novacultura.unl.pt\\\/en\\\/programa\\\/abril-2025\\\/#webpage\",\"url\":\"https:\\\/\\\/novacultura.unl.pt\\\/en\\\/programa\\\/abril-2025\\\/\",\"name\":\"Abril 2025 - Nova Cultura\",\"description\":\"A prop\\u00f3sito das celebra\\u00e7\\u00f5es do 25 de Abril, o Programa NOVA Cultura acolhe iniciativas organizadas em colabora\\u00e7\\u00e3o com institui\\u00e7\\u00f5es parceiras. As portas que Abril abriu 24 de Abril | 18h30 Concerto tem\\u00e1tico, promovido pela Escola Art\\u00edstica de M\\u00fasica do Conservat\\u00f3rio Nacional, que assinala os 51 anos da Revolu\\u00e7\\u00e3o de 25 de Abril. Neste espet\\u00e1culo,\",\"inLanguage\":\"en-US\",\"isPartOf\":{\"@id\":\"https:\\\/\\\/novacultura.unl.pt\\\/en\\\/#website\"},\"breadcrumb\":{\"@id\":\"https:\\\/\\\/novacultura.unl.pt\\\/en\\\/programa\\\/abril-2025\\\/#breadcrumblist\"},\"image\":{\"@type\":\"ImageObject\",\"url\":\"https:\\\/\\\/novacultura.unl.pt\\\/wp-content\\\/uploads\\\/2025\\\/04\\\/250415_25-abril_formatos_cultura.png\",\"@id\":\"https:\\\/\\\/novacultura.unl.pt\\\/en\\\/programa\\\/abril-2025\\\/#mainImage\",\"width\":1921,\"height\":501},\"primaryImageOfPage\":{\"@id\":\"https:\\\/\\\/novacultura.unl.pt\\\/en\\\/programa\\\/abril-2025\\\/#mainImage\"},\"datePublished\":\"2025-04-15T14:42:25+00:00\",\"dateModified\":\"2025-04-16T10:01:10+00:00\"},{\"@type\":\"WebSite\",\"@id\":\"https:\\\/\\\/novacultura.unl.pt\\\/en\\\/#website\",\"url\":\"https:\\\/\\\/novacultura.unl.pt\\\/en\\\/\",\"name\":\"Nova Cultura\",\"inLanguage\":\"en-US\",\"publisher\":{\"@id\":\"https:\\\/\\\/novacultura.unl.pt\\\/en\\\/#organization\"}}]}\n\t\t<\/script>\n\t\t<!-- All in One SEO -->\n\n","aioseo_head_json":{"title":"Abril 2025 - Nova Cultura","description":"A prop\u00f3sito das celebra\u00e7\u00f5es do 25 de Abril, o Programa NOVA Cultura acolhe iniciativas organizadas em colabora\u00e7\u00e3o com institui\u00e7\u00f5es parceiras. As portas que Abril abriu 24 de Abril | 18h30 Concerto tem\u00e1tico, promovido pela Escola Art\u00edstica de M\u00fasica do Conservat\u00f3rio Nacional, que assinala os 51 anos da Revolu\u00e7\u00e3o de 25 de Abril. Neste espet\u00e1culo,","canonical_url":"https:\/\/novacultura.unl.pt\/en\/programa\/abril-2025\/","robots":"max-image-preview:large","keywords":"","webmasterTools":{"miscellaneous":""},"schema":{"@context":"https:\/\/schema.org","@graph":[{"@type":"BreadcrumbList","@id":"https:\/\/novacultura.unl.pt\/en\/programa\/abril-2025\/#breadcrumblist","itemListElement":[{"@type":"ListItem","@id":"https:\/\/novacultura.unl.pt\/en\/#listItem","position":1,"name":"Home","item":"https:\/\/novacultura.unl.pt\/en\/","nextItem":{"@type":"ListItem","@id":"https:\/\/novacultura.unl.pt\/en\/programa\/#listItem","name":"Program"}},{"@type":"ListItem","@id":"https:\/\/novacultura.unl.pt\/en\/programa\/#listItem","position":2,"name":"Program","item":"https:\/\/novacultura.unl.pt\/en\/programa\/","nextItem":{"@type":"ListItem","@id":"https:\/\/novacultura.unl.pt\/en\/programa\/abril-2025\/#listItem","name":"Abril 2025"},"previousItem":{"@type":"ListItem","@id":"https:\/\/novacultura.unl.pt\/en\/#listItem","name":"Home"}},{"@type":"ListItem","@id":"https:\/\/novacultura.unl.pt\/en\/programa\/abril-2025\/#listItem","position":3,"name":"Abril 2025","previousItem":{"@type":"ListItem","@id":"https:\/\/novacultura.unl.pt\/en\/programa\/#listItem","name":"Program"}}]},{"@type":"Organization","@id":"https:\/\/novacultura.unl.pt\/en\/#organization","name":"Nova Cultura","url":"https:\/\/novacultura.unl.pt\/en\/","logo":{"@type":"ImageObject","url":"https:\/\/novacultura.unl.pt\/wp-content\/uploads\/2023\/08\/NOVA_CULTURA_logo.gif","@id":"https:\/\/novacultura.unl.pt\/en\/programa\/abril-2025\/#organizationLogo","width":1002,"height":251},"image":{"@id":"https:\/\/novacultura.unl.pt\/en\/programa\/abril-2025\/#organizationLogo"}},{"@type":"WebPage","@id":"https:\/\/novacultura.unl.pt\/en\/programa\/abril-2025\/#webpage","url":"https:\/\/novacultura.unl.pt\/en\/programa\/abril-2025\/","name":"Abril 2025 - Nova Cultura","description":"A prop\u00f3sito das celebra\u00e7\u00f5es do 25 de Abril, o Programa NOVA Cultura acolhe iniciativas organizadas em colabora\u00e7\u00e3o com institui\u00e7\u00f5es parceiras. As portas que Abril abriu 24 de Abril | 18h30 Concerto tem\u00e1tico, promovido pela Escola Art\u00edstica de M\u00fasica do Conservat\u00f3rio Nacional, que assinala os 51 anos da Revolu\u00e7\u00e3o de 25 de Abril. Neste espet\u00e1culo,","inLanguage":"en-US","isPartOf":{"@id":"https:\/\/novacultura.unl.pt\/en\/#website"},"breadcrumb":{"@id":"https:\/\/novacultura.unl.pt\/en\/programa\/abril-2025\/#breadcrumblist"},"image":{"@type":"ImageObject","url":"https:\/\/novacultura.unl.pt\/wp-content\/uploads\/2025\/04\/250415_25-abril_formatos_cultura.png","@id":"https:\/\/novacultura.unl.pt\/en\/programa\/abril-2025\/#mainImage","width":1921,"height":501},"primaryImageOfPage":{"@id":"https:\/\/novacultura.unl.pt\/en\/programa\/abril-2025\/#mainImage"},"datePublished":"2025-04-15T14:42:25+00:00","dateModified":"2025-04-16T10:01:10+00:00"},{"@type":"WebSite","@id":"https:\/\/novacultura.unl.pt\/en\/#website","url":"https:\/\/novacultura.unl.pt\/en\/","name":"Nova Cultura","inLanguage":"en-US","publisher":{"@id":"https:\/\/novacultura.unl.pt\/en\/#organization"}}]},"og:locale":"en_US","og:site_name":"Nova Cultura -","og:type":"article","og:title":"Abril 2025 - Nova Cultura","og:description":"A prop\u00f3sito das celebra\u00e7\u00f5es do 25 de Abril, o Programa NOVA Cultura acolhe iniciativas organizadas em colabora\u00e7\u00e3o com institui\u00e7\u00f5es parceiras. As portas que Abril abriu 24 de Abril | 18h30 Concerto tem\u00e1tico, promovido pela Escola Art\u00edstica de M\u00fasica do Conservat\u00f3rio Nacional, que assinala os 51 anos da Revolu\u00e7\u00e3o de 25 de Abril. Neste espet\u00e1culo,","og:url":"https:\/\/novacultura.unl.pt\/en\/programa\/abril-2025\/","og:image":"https:\/\/novacultura.unl.pt\/wp-content\/uploads\/2023\/08\/NOVA_CULTURA_logo.gif","og:image:secure_url":"https:\/\/novacultura.unl.pt\/wp-content\/uploads\/2023\/08\/NOVA_CULTURA_logo.gif","og:image:width":1002,"og:image:height":251,"article:published_time":"2025-04-15T14:42:25+00:00","article:modified_time":"2025-04-16T10:01:10+00:00","twitter:card":"summary_large_image","twitter:title":"Abril 2025 - Nova Cultura","twitter:description":"A prop\u00f3sito das celebra\u00e7\u00f5es do 25 de Abril, o Programa NOVA Cultura acolhe iniciativas organizadas em colabora\u00e7\u00e3o com institui\u00e7\u00f5es parceiras. As portas que Abril abriu 24 de Abril | 18h30 Concerto tem\u00e1tico, promovido pela Escola Art\u00edstica de M\u00fasica do Conservat\u00f3rio Nacional, que assinala os 51 anos da Revolu\u00e7\u00e3o de 25 de Abril. Neste espet\u00e1culo,","twitter:image":"https:\/\/novacultura.unl.pt\/wp-content\/uploads\/2023\/08\/NOVA_CULTURA_logo.gif"},"aioseo_meta_data":{"post_id":"5392","title":null,"description":null,"keywords":null,"keyphrases":{"focus":{"keyphrase":"","score":0,"analysis":{"keyphraseInTitle":{"score":0,"maxScore":9,"error":1}}},"additional":[]},"primary_term":null,"canonical_url":null,"og_title":null,"og_description":null,"og_object_type":"default","og_image_type":"default","og_image_url":null,"og_image_width":null,"og_image_height":null,"og_image_custom_url":null,"og_image_custom_fields":null,"og_video":"","og_custom_url":null,"og_article_section":null,"og_article_tags":null,"twitter_use_og":false,"twitter_card":"default","twitter_image_type":"default","twitter_image_url":null,"twitter_image_custom_url":null,"twitter_image_custom_fields":null,"twitter_title":null,"twitter_description":null,"schema":{"blockGraphs":[],"customGraphs":[],"default":{"data":{"Article":[],"Course":[],"Dataset":[],"FAQPage":[],"Movie":[],"Person":[],"Product":[],"ProductReview":[],"Car":[],"Recipe":[],"Service":[],"SoftwareApplication":[],"WebPage":[]},"graphName":"WebPage","isEnabled":true},"graphs":[]},"schema_type":"default","schema_type_options":null,"pillar_content":false,"robots_default":true,"robots_noindex":false,"robots_noarchive":false,"robots_nosnippet":false,"robots_nofollow":false,"robots_noimageindex":false,"robots_noodp":false,"robots_notranslate":false,"robots_max_snippet":"-1","robots_max_videopreview":"-1","robots_max_imagepreview":"large","priority":null,"frequency":"default","local_seo":null,"breadcrumb_settings":null,"limit_modified_date":false,"ai":null,"created":"2025-04-15 14:42:26","updated":"2025-09-25 20:04:35","seo_analyzer_scan_date":null},"aioseo_breadcrumb":"<div class=\"aioseo-breadcrumbs\"><span class=\"aioseo-breadcrumb\">\n\t\t\t<a href=\"https:\/\/novacultura.unl.pt\/en\/\" title=\"Home\">Home<\/a>\n\t\t<\/span><span class=\"aioseo-breadcrumb-separator\">&raquo;<\/span><span class=\"aioseo-breadcrumb\">\n\t\t\t<a href=\"https:\/\/novacultura.unl.pt\/en\/programa\/\" title=\"Program\">Program<\/a>\n\t\t<\/span><span class=\"aioseo-breadcrumb-separator\">&raquo;<\/span><span class=\"aioseo-breadcrumb\">\n\t\t\tAbril 2025\n\t\t<\/span><\/div>","aioseo_breadcrumb_json":[{"label":"Home","link":"https:\/\/novacultura.unl.pt\/en\/"},{"label":"Program","link":"https:\/\/novacultura.unl.pt\/en\/programa\/"},{"label":"Abril 2025","link":"https:\/\/novacultura.unl.pt\/en\/programa\/abril-2025\/"}],"_links":{"self":[{"href":"https:\/\/novacultura.unl.pt\/en\/wp-json\/wp\/v2\/programa\/5392","targetHints":{"allow":["GET"]}}],"collection":[{"href":"https:\/\/novacultura.unl.pt\/en\/wp-json\/wp\/v2\/programa"}],"about":[{"href":"https:\/\/novacultura.unl.pt\/en\/wp-json\/wp\/v2\/types\/programa"}],"wp:featuredmedia":[{"embeddable":true,"href":"https:\/\/novacultura.unl.pt\/en\/wp-json\/wp\/v2\/media\/5395"}],"wp:attachment":[{"href":"https:\/\/novacultura.unl.pt\/en\/wp-json\/wp\/v2\/media?parent=5392"}],"wp:term":[{"taxonomy":"programaCat","embeddable":true,"href":"https:\/\/novacultura.unl.pt\/en\/wp-json\/wp\/v2\/programaCat?post=5392"}],"curies":[{"name":"wp","href":"https:\/\/api.w.org\/{rel}","templated":true}]}}